{"id":518,"date":"2024-06-17T17:51:53","date_gmt":"2024-06-17T15:51:53","guid":{"rendered":"https:\/\/mieterportal.wa-kurpark.de\/?page_id=518"},"modified":"2025-06-29T20:38:54","modified_gmt":"2025-06-29T18:38:54","slug":"mietinteressenten","status":"publish","type":"page","link":"https:\/\/mieterportal.wa-kurpark.de\/index.php\/mietinteressenten\/","title":{"rendered":"Mietinteressenten"},"content":{"rendered":"\n<p><strong>Willkommen in Ihrem neuen Zuhause: Gemeinschaft, Ruhe und Freundlichkeit vereint<\/strong><\/p>\n\n\n\n<p>Entdecken Sie unser einzigartiges Wohnangebot, das perfekt f\u00fcr alle ist, die eine harmonische und entspannte Lebensweise suchen. Unsere Wohnanlage bietet Ihnen eine Vielzahl von Vorteilen:<\/p>\n\n\n\n<ul class=\"wp-block-list\">\n<li><strong>Gemeinschaft<\/strong>: Erleben Sie ein starkes Gemeinschaftsgef\u00fchl und seien Sie Teil einer Nachbarschaft, die zusammenh\u00e4lt. Hier ist jeder f\u00fcr den anderen da, was ein warmes und einladendes Umfeld schafft.<\/li>\n\n\n\n<li><strong>Ruhige Lage<\/strong>: Genie\u00dfen Sie die Ruhe unserer Wohnanlage. Das Quartier bietet Ihnen die perfekte Balance zwischen Erholung und Erreichbarkeit aller wichtigen Einrichtungen.<\/li>\n\n\n\n<li><strong>Freundliche Nachbarn<\/strong>: Bei uns erwartet Sie ein herzliches Miteinander. Unsere Nachbarn sind hilfsbereit, respektvoll und immer f\u00fcr ein nettes Gespr\u00e4ch zu haben.<\/li>\n\n\n\n<li><strong>Gemeinsame Feste und Veranstaltungen<\/strong>: Werden Sie Teil unserer lebendigen Gemeinschaftsaktivit\u00e4ten. Ob Sommerfeste, Grillabende oder saisonale Feiern \u2013 hier wird das Miteinander gro\u00dfgeschrieben und regelm\u00e4\u00dfig zelebriert.<\/li>\n<\/ul>\n\n\n\n<p>Kommen Sie vorbei und lassen Sie sich von der besonderen Atmosph\u00e4re unseres Wohnquartiers begeistern. Wir freuen uns darauf, Sie bald als neuen Nachbarn begr\u00fc\u00dfen zu d\u00fcrfen!<\/p>\n\n\n\n<div style=\"height:40px\" aria-hidden=\"true\" class=\"wp-block-spacer\"><\/div>\n\n\n\n<h2 class=\"wp-block-heading has-text-align-left\">Dokumente f\u00fcr Mietinteressenten<\/h2>\n\n\n\n<div class=\"wp-block-buttons is-layout-flex wp-block-buttons-is-layout-flex\">\n<div class=\"wp-block-button\"><a class=\"wp-block-button__link wp-element-button\" href=\"https:\/\/mieterportal.wa-kurpark.de\/wp-content\/uploads\/2024\/08\/Selbstauskunft-von-Mietinteressenten.pdf\"><strong>Selbstauskunft von Mietinteressenten<\/strong><\/a><\/div>\n<\/div>\n\n\n\n<div style=\"height:10px\" aria-hidden=\"true\" class=\"wp-block-spacer\"><\/div>\n\n\n\n<div class=\"wp-block-buttons is-layout-flex wp-block-buttons-is-layout-flex\">\n<div class=\"wp-block-button\"><a class=\"wp-block-button__link wp-element-button\" href=\"https:\/\/mieterportal.wa-kurpark.de\/wp-content\/uploads\/2024\/08\/Buergschaft-Anlage-zum-Mietvertrag.pdf\"><strong>B\u00fcrgschaftserkl\u00e4rung<\/strong><\/a><\/div>\n<\/div>\n\n\n\n<div style=\"height:10px\" aria-hidden=\"true\" class=\"wp-block-spacer\"><\/div>\n\n\n\n<div class=\"wp-block-buttons is-layout-flex wp-block-buttons-is-layout-flex\">\n<div class=\"wp-block-button\"><a class=\"wp-block-button__link has-text-align-left wp-element-button\" href=\"https:\/\/mieterportal.wa-kurpark.de\/wp-content\/uploads\/2024\/08\/SEPA-LS-Mandat-KP-HM.pdf\"><strong>SEPA-Lastschriftmandat<br>K&amp;P Hausmanagement<\/strong><\/a><\/div>\n<\/div>\n\n\n\n<div style=\"height:10px\" aria-hidden=\"true\" class=\"wp-block-spacer\"><\/div>\n\n\n\n<div class=\"wp-block-buttons is-layout-flex wp-block-buttons-is-layout-flex\">\n<div class=\"wp-block-button\"><a class=\"wp-block-button__link wp-element-button\" href=\"https:\/\/mieterportal.wa-kurpark.de\/wp-content\/uploads\/2024\/08\/Vormieterbescheinigung-.pdf\"><strong>Vormieterbescheinigung<\/strong><\/a><\/div>\n<\/div>\n\n\n\n<div style=\"height:10px\" aria-hidden=\"true\" class=\"wp-block-spacer\"><\/div>\n\n\n\n<div class=\"wp-block-buttons is-layout-flex wp-block-buttons-is-layout-flex\">\n<div class=\"wp-block-button\"><a class=\"wp-block-button__link has-text-align-left wp-element-button\" href=\"https:\/\/mieterportal.wa-kurpark.de\/wp-content\/uploads\/2024\/08\/Einwilligung-Datenschutzrechtliche-Selbstauskunft-KP.pdf\"><strong>Datenschutzrechtliche Einwilligung<br>K&amp;P Hausmanagement<\/strong><\/a><\/div>\n<\/div>\n\n\n\n<div style=\"height:40px\" aria-hidden=\"true\" class=\"wp-block-spacer\"><\/div>\n\n\n\n<div style=\"height:10px\" aria-hidden=\"true\" class=\"wp-block-spacer\"><\/div>\n\n\n\n<h2 class=\"wp-block-heading has-text-align-left\">Dokumente des Stromanbieters<\/h2>\n\n\n\n<div class=\"wp-block-buttons is-content-justification-left is-layout-flex wp-block-buttons-is-layout-flex\">\n<div class=\"wp-block-button\"><a class=\"wp-block-button__link wp-element-button\" href=\"https:\/\/mieterportal.wa-kurpark.de\/wp-content\/uploads\/2024\/06\/Preisblatt-HAUS-STROM-GmbH-01.01.2024.pdf\"><strong>Preisblatt<\/strong><\/a><\/div>\n<\/div>\n\n\n\n<div style=\"height:10px\" aria-hidden=\"true\" class=\"wp-block-spacer\"><\/div>\n\n\n\n<div class=\"wp-block-buttons is-layout-flex wp-block-buttons-is-layout-flex\">\n<div class=\"wp-block-button\"><a class=\"wp-block-button__link wp-element-button\" href=\"https:\/\/mieterportal.wa-kurpark.de\/wp-content\/uploads\/2024\/06\/Haus-Strom-Vertrag-ab-2024.pdf\"><strong>Vertrag<\/strong><\/a><\/div>\n<\/div>\n\n\n\n<div style=\"height:10px\" aria-hidden=\"true\" class=\"wp-block-spacer\"><\/div>\n\n\n\n<div class=\"wp-block-buttons is-layout-flex wp-block-buttons-is-layout-flex\">\n<div class=\"wp-block-button\"><a class=\"wp-block-button__link wp-element-button\" href=\"https:\/\/mieterportal.wa-kurpark.de\/wp-content\/uploads\/2024\/06\/SEPA-LS-Mandat-Haus-Strom-GmbH-BD.pdf\"><strong>SEPA<\/strong><\/a><\/div>\n<\/div>\n\n\n\n<div style=\"height:10px\" aria-hidden=\"true\" class=\"wp-block-spacer\"><\/div>\n\n\n\n<div class=\"wp-block-buttons is-content-justification-left is-layout-flex wp-block-buttons-is-layout-flex\">\n<div class=\"wp-block-button\"><a class=\"wp-block-button__link has-text-align-center wp-element-button\" href=\"https:\/\/mieterportal.wa-kurpark.de\/wp-content\/uploads\/2024\/06\/AGB-Haus-Strom-GmbH-ab-01.01.2024.pdf\"><strong>AGB<\/strong><\/a><\/div>\n<\/div>\n\n\n\n<div style=\"height:40px\" aria-hidden=\"true\" class=\"wp-block-spacer\"><\/div>\n\n\n\n<h2 class=\"wp-block-heading has-text-align-left\">Wohnungsgrundrisse (Beispiele)<\/h2>\n\n\n\n<div class=\"wp-block-buttons is-layout-flex wp-block-buttons-is-layout-flex\">\n<div class=\"wp-block-button\"><a class=\"wp-block-button__link wp-element-button\" href=\"https:\/\/mieterportal.wa-kurpark.de\/wp-content\/uploads\/2024\/06\/Etagenwohnung-mit-Balkon-WMW-7d-4.OG_.jpg\"><strong>Etagenwohnung mit Balkon 7d 4. OG<\/strong><\/a><\/div>\n<\/div>\n\n\n\n<div style=\"height:10px\" aria-hidden=\"true\" class=\"wp-block-spacer\"><\/div>\n\n\n\n<div class=\"wp-block-buttons is-layout-flex wp-block-buttons-is-layout-flex\">\n<div class=\"wp-block-button\"><a class=\"wp-block-button__link wp-element-button\" href=\"https:\/\/mieterportal.wa-kurpark.de\/wp-content\/uploads\/2024\/06\/Bad-Dueben_Windmuehlenweg_7b_WE-54_1OG-Links_30-08-13.jpg\"><strong>3-Raum-Wohnung 7b, 1. OG links<\/strong><\/a><\/div>\n<\/div>\n\n\n\n<div style=\"height:10px\" aria-hidden=\"true\" class=\"wp-block-spacer\"><\/div>\n\n\n\n<div class=\"wp-block-buttons is-content-justification-space-between is-layout-flex wp-block-buttons-is-layout-flex\">\n<div class=\"wp-block-button\"><a class=\"wp-block-button__link has-text-align-left wp-element-button\" href=\"https:\/\/mieterportal.wa-kurpark.de\/wp-content\/uploads\/2024\/06\/Bad-Dueben_Windmuehlenweg_7a_WE-45_2OG-Rechts_26-08-13.jpg\"><strong>2-Raum-Wohnung 7a, 2. OG rechts<\/strong><\/a><\/div>\n<\/div>\n\n\n\n<div style=\"height:10px\" aria-hidden=\"true\" class=\"wp-block-spacer\"><\/div>\n\n\n\n<div class=\"wp-block-buttons is-content-justification-space-between is-layout-flex wp-block-buttons-is-layout-flex\">\n<div class=\"wp-block-button\"><a class=\"wp-block-button__link wp-element-button\" href=\"https:\/\/mieterportal.wa-kurpark.de\/wp-content\/uploads\/2024\/06\/Bad-Dueben_Windmuehlenweg_7a_WE-44_1OG-Links_26-08-13.jpg\"><strong>3-Raum-Wohnung 7a, 1. OG links<\/strong><\/a><\/div>\n<\/div>\n\n\n\n<div style=\"height:10px\" aria-hidden=\"true\" class=\"wp-block-spacer\"><\/div>\n\n\n\n<div class=\"wp-block-buttons is-content-justification-space-between is-layout-flex wp-block-buttons-is-layout-flex\">\n<div class=\"wp-block-button\"><a class=\"wp-block-button__link wp-element-button\" href=\"https:\/\/mieterportal.wa-kurpark.de\/wp-content\/uploads\/2024\/06\/Bad-Dueben_Windmuehlenweg_7f_WE-92_EG-Links_30-08-13.jpg\"><strong>4-Raum-Wohnung 7f, EG links<\/strong><\/a><\/div>\n<\/div>\n\n\n\n<div style=\"height:10px\" aria-hidden=\"true\" class=\"wp-block-spacer\"><\/div>\n\n\n\n<div class=\"wp-block-buttons is-content-justification-space-between is-layout-flex wp-block-buttons-is-layout-flex\">\n<div class=\"wp-block-button\"><a class=\"wp-block-button__link wp-element-button\" href=\"https:\/\/mieterportal.wa-kurpark.de\/wp-content\/uploads\/2024\/06\/Bad-Dueben_Windmuehlenweg_7c_WE-65_2OG-Rechts_30-08-13.jpg\"><strong>2-Raum-Wohnung 7c, 2. OG rechts<\/strong><\/a><\/div>\n<\/div>\n\n\n\n<div style=\"height:10px\" aria-hidden=\"true\" class=\"wp-block-spacer\"><\/div>\n\n\n\n<div class=\"wp-block-buttons is-content-justification-space-between is-layout-flex wp-block-buttons-is-layout-flex\">\n<div class=\"wp-block-button\"><a class=\"wp-block-button__link wp-element-button\" href=\"https:\/\/mieterportal.wa-kurpark.de\/wp-content\/uploads\/2024\/06\/2-RWE-mit-Balkon-WMW-7a-.jpg\"><strong>2 RWE mit Balkon 7a<\/strong><\/a><\/div>\n<\/div>\n\n\n\n<div style=\"height:10px\" aria-hidden=\"true\" class=\"wp-block-spacer\"><\/div>\n\n\n\n<div class=\"wp-block-buttons is-content-justification-space-between is-layout-flex wp-block-buttons-is-layout-flex\">\n<div class=\"wp-block-button\"><a class=\"wp-block-button__link wp-element-button\" href=\"https:\/\/mieterportal.wa-kurpark.de\/wp-content\/uploads\/2024\/06\/3-RWE-mit-Balkon-WMW-7-links.jpg\"><strong>3-Raum-Wohnung mit Balkon, 7 links<\/strong><\/a><\/div>\n<\/div>\n\n\n\n<div style=\"height:10px\" aria-hidden=\"true\" class=\"wp-block-spacer\"><\/div>\n\n\n\n<div class=\"wp-block-buttons is-content-justification-space-between is-layout-flex wp-block-buttons-is-layout-flex\">\n<div class=\"wp-block-button\"><a class=\"wp-block-button__link wp-element-button\" href=\"https:\/\/mieterportal.wa-kurpark.de\/wp-content\/uploads\/2024\/06\/3-RWE-WMW-7-links.jpg\"><strong>3-Raum-Wohnung, 7 links<\/strong><\/a><\/div>\n<\/div>\n\n\n\n<div style=\"height:10px\" aria-hidden=\"true\" class=\"wp-block-spacer\"><\/div>\n\n\n\n<div class=\"wp-block-buttons is-layout-flex wp-block-buttons-is-layout-flex\">\n<div class=\"wp-block-button\"><a class=\"wp-block-button__link wp-element-button\" href=\"https:\/\/mieterportal.wa-kurpark.de\/wp-content\/uploads\/2024\/06\/4-RWE-mit-Balkon-WMW-5d-rechts.jpg\"><strong>4-Raum-Wohnung mit Balkon, 5d rechts<\/strong><\/a><\/div>\n<\/div>\n\n\n\n<div style=\"height:10px\" aria-hidden=\"true\" class=\"wp-block-spacer\"><\/div>\n\n\n\n<div class=\"wp-block-buttons is-layout-flex wp-block-buttons-is-layout-flex\">\n<div class=\"wp-block-button\"><a class=\"wp-block-button__link wp-element-button\" href=\"https:\/\/mieterportal.wa-kurpark.de\/wp-content\/uploads\/2024\/06\/Bad-Dueben_Windmuehlenweg_7f_WE-92_EG-Links_30-08-13.jpg\"><strong>4-Raum-Wohnungohnung mit Balkon, 7a rechts<\/strong><\/a><\/div>\n<\/div>\n\n\n\n<div style=\"height:40px\" aria-hidden=\"true\" class=\"wp-block-spacer\"><\/div>\n\n\n\n<h2 class=\"wp-block-heading has-text-align-left\">Expos\u00e9s Vermietung<\/h2>\n\n\n\n<div class=\"wp-block-buttons is-layout-flex wp-block-buttons-is-layout-flex\">\n<div class=\"wp-block-button\"><a class=\"wp-block-button__link wp-element-button\" href=\"https:\/\/mieterportal.wa-kurpark.de\/wp-content\/uploads\/2024\/07\/Expose-WMW-5b-4.OG-rechts.pdf\"><strong>Wohnung Windm\u00fchlenweg 5b, 4. OG rechts<\/strong><\/a><\/div>\n<\/div>\n\n\n\n<div style=\"height:10px\" aria-hidden=\"true\" class=\"wp-block-spacer\"><\/div>\n\n\n\n<div class=\"wp-block-buttons is-layout-flex wp-block-buttons-is-layout-flex\">\n<div class=\"wp-block-button\"><a class=\"wp-block-button__link wp-element-button\" href=\"https:\/\/mieterportal.wa-kurpark.de\/wp-content\/uploads\/2024\/07\/Expose-WMW-5c-EG-rechts.pdf\"><strong>Wohnung Windm\u00fchlenweg 5c,. EG rechts<\/strong><\/a><\/div>\n<\/div>\n\n\n\n<div style=\"height:10px\" aria-hidden=\"true\" class=\"wp-block-spacer\"><\/div>\n\n\n\n<div style=\"height:10px\" aria-hidden=\"true\" class=\"wp-block-spacer\"><\/div>\n\n\n\n<div class=\"wp-block-buttons is-layout-flex wp-block-buttons-is-layout-flex\">\n<div class=\"wp-block-button\"><a class=\"wp-block-button__link wp-element-button\" href=\"https:\/\/mieterportal.wa-kurpark.de\/wp-content\/uploads\/2024\/07\/Expose-WMW-7d-4.OG-Etagenwohnung.pdf\"><strong>Whg. Windm\u00fchlenweg 7d 4.OG Etagen-Whg.<\/strong><\/a><\/div>\n<\/div>\n\n\n\n<p><\/p>\n","protected":false},"excerpt":{"rendered":"<p>Willkommen in Ihrem neuen Zuhause: Gemeinschaft, Ruhe und Freundlichkeit vereint Entdecken Sie unser einzigartiges Wohnangebot, das perfekt f\u00fcr alle ist,&hellip;<\/p>\n","protected":false},"author":1,"featured_media":0,"parent":0,"menu_order":0,"comment_status":"closed","ping_status":"closed","template":"","meta":{"footnotes":""},"class_list":["post-518","page","type-page","status-publish","hentry"],"_links":{"self":[{"href":"https:\/\/mieterportal.wa-kurpark.de\/index.php\/wp-json\/wp\/v2\/pages\/518","targetHints":{"allow":["GET"]}}],"collection":[{"href":"https:\/\/mieterportal.wa-kurpark.de\/index.php\/wp-json\/wp\/v2\/pages"}],"about":[{"href":"https:\/\/mieterportal.wa-kurpark.de\/index.php\/wp-json\/wp\/v2\/types\/page"}],"author":[{"embeddable":true,"href":"https:\/\/mieterportal.wa-kurpark.de\/index.php\/wp-json\/wp\/v2\/users\/1"}],"replies":[{"embeddable":true,"href":"https:\/\/mieterportal.wa-kurpark.de\/index.php\/wp-json\/wp\/v2\/comments?post=518"}],"version-history":[{"count":88,"href":"https:\/\/mieterportal.wa-kurpark.de\/index.php\/wp-json\/wp\/v2\/pages\/518\/revisions"}],"predecessor-version":[{"id":1056,"href":"https:\/\/mieterportal.wa-kurpark.de\/index.php\/wp-json\/wp\/v2\/pages\/518\/revisions\/1056"}],"wp:attachment":[{"href":"https:\/\/mieterportal.wa-kurpark.de\/index.php\/wp-json\/wp\/v2\/media?parent=518"}],"curies":[{"name":"wp","href":"https:\/\/api.w.org\/{rel}","templated":true}]}}